{"id":3540,"date":"2025-01-09T22:52:17","date_gmt":"2025-01-09T22:52:17","guid":{"rendered":"https:\/\/terredete.fr\/?post_type=product&#038;p=3540"},"modified":"2025-10-17T14:25:56","modified_gmt":"2025-10-17T14:25:56","slug":"collier-ras-le-cou-reglable-perle-de-tahiti-baroque-et-mokuba","status":"publish","type":"product","link":"https:\/\/terredete.fr\/en\/product\/collier-ras-le-cou-reglable-perle-de-tahiti-baroque-et-mokuba\/","title":{"rendered":"Adjustable Choker with Baroque Tahitian Pearl and Mokuba Cord"},"content":{"rendered":"<p>The baroque Tahiti pearls are a celebration of imperfect beauty. During its cultivation, the oyster didn't produce a perfectly round pearl, but offered an unique jewel, adorned with delicate striations on its nacre. These irregularities tell the story of each pearl and make it an authentic piece.<\/p>\n<p><strong>Like all pearls, they are naturally maintained through contact with the skin, which helps preserve their moisture. Simply avoid alcohol-based products, such as perfume, to maintain their shine.<\/strong><\/p>\n<p>The cord used is Mokuba, a Japanese passementerie renowned for its durability. <strong>Each necklace is carefully handcrafted. Thanks to its meticulously woven sliding knot, the height of the piece can be adjusted in the neckline and it can be easily removed.<br \/>\n<\/strong><\/p>\n<p><strong>As all pearls are unique in shape, color, and nuances, the piece you receive may differ slightly from the one shown in the photo. But this is precisely what makes your bracelet so special: you will be wearing a truly one-of-a-kind piece, shaped by nature.<\/strong><\/p>","protected":false},"excerpt":{"rendered":"<p>An elegant and minimalist necklace featuring a 9-10mm Tahitian pearl on a mokuba cord, made to be worn no matter the conditions.<\/p>","protected":false},"featured_media":3437,"comment_status":"open","ping_status":"closed","template":"","meta":{"om_disable_all_campaigns":false,"_monsterinsights_skip_tracking":false},"product_brand":[],"product_cat":[31,29,106],"product_tag":[32,34],"class_list":["post-3540","product","type-product","status-publish","has-post-thumbnail","product_cat-collier","product_cat-femme","product_cat-tahiti-collier","product_tag-essentiels","product_tag-tahiti","first","instock","shipping-taxable","purchasable","product-type-variable","has-default-attributes"],"aioseo_notices":[],"aioseo_head":"\n\t\t<!-- All in One SEO 5.0.0.1 - aioseo.com -->\n\t<meta name=\"description\" content=\"Un collier \u00e9l\u00e9gant et minimaliste compos\u00e9 d&#039;une perle de Tahiti \u00f8 9-10 mm mont\u00e9e sur un fil mokuba, pens\u00e9 pour ne jamais quitter votre cou.\" \/>\n\t<meta name=\"robots\" content=\"max-image-preview:large\" \/>\n\t<link rel=\"canonical\" href=\"https:\/\/terredete.fr\/en\/product\/collier-ras-le-cou-reglable-perle-de-tahiti-baroque-et-mokuba\/\" \/>\n\t<meta name=\"generator\" content=\"All in One SEO (AIOSEO) 5.0.0.1\" \/>\n\t\t<meta property=\"og:locale\" content=\"en_GB\" \/>\n\t\t<meta property=\"og:site_name\" content=\"terredete.fr - Plus que des bijoux, une invitation au r\u00eave\" \/>\n\t\t<meta property=\"og:type\" content=\"article\" \/>\n\t\t<meta property=\"og:title\" content=\"Collier ras le cou r\u00e9glable, perle de Tahiti baroque et mokuba - terredete.fr\" \/>\n\t\t<meta property=\"og:description\" content=\"Un collier \u00e9l\u00e9gant et minimaliste compos\u00e9 d&#039;une perle de Tahiti \u00f8 9-10 mm mont\u00e9e sur un fil mokuba, pens\u00e9 pour ne jamais quitter votre cou.\" \/>\n\t\t<meta property=\"og:url\" content=\"https:\/\/terredete.fr\/en\/product\/collier-ras-le-cou-reglable-perle-de-tahiti-baroque-et-mokuba\/\" \/>\n\t\t<meta property=\"og:image\" content=\"https:\/\/terredete.fr\/wp-content\/uploads\/2025\/01\/VF_FCTB00M00-scaled.jpg\" \/>\n\t\t<meta property=\"og:image:secure_url\" content=\"https:\/\/terredete.fr\/wp-content\/uploads\/2025\/01\/VF_FCTB00M00-scaled.jpg\" \/>\n\t\t<meta property=\"og:image:width\" content=\"2048\" \/>\n\t\t<meta property=\"og:image:height\" content=\"2560\" \/>\n\t\t<meta property=\"article:published_time\" content=\"2025-01-09T22:52:17+00:00\" \/>\n\t\t<meta property=\"article:modified_time\" content=\"2025-10-17T14:25:56+00:00\" \/>\n\t\t<meta property=\"article:publisher\" content=\"https:\/\/www.facebook.com\/terredete\" \/>\n\t\t<meta name=\"twitter:card\" content=\"summary_large_image\" \/>\n\t\t<meta name=\"twitter:title\" content=\"Collier ras le cou r\u00e9glable, perle de Tahiti baroque et mokuba - terredete.fr\" \/>\n\t\t<meta name=\"twitter:description\" content=\"Un collier \u00e9l\u00e9gant et minimaliste compos\u00e9 d&#039;une perle de Tahiti \u00f8 9-10 mm mont\u00e9e sur un fil mokuba, pens\u00e9 pour ne jamais quitter votre cou.\" \/>\n\t\t<meta name=\"twitter:image\" content=\"https:\/\/terredete.fr\/wp-content\/uploads\/2025\/01\/VF_FCTB00M00-scaled.jpg\" \/>\n\t\t<script type=\"application\/ld+json\" class=\"aioseo-schema\">\n\t\t\t{\"@context\":\"https:\\\/\\\/schema.org\",\"@graph\":[{\"@type\":\"BreadcrumbList\",\"@id\":\"https:\\\/\\\/terredete.fr\\\/en\\\/product\\\/collier-ras-le-cou-reglable-perle-de-tahiti-baroque-et-mokuba\\\/#breadcrumblist\",\"itemListElement\":[{\"@type\":\"ListItem\",\"@id\":\"https:\\\/\\\/terredete.fr\\\/en#listItem\",\"position\":1,\"name\":\"Home\",\"item\":\"https:\\\/\\\/terredete.fr\\\/en\",\"nextItem\":{\"@type\":\"ListItem\",\"@id\":\"https:\\\/\\\/terredete.fr\\\/en\\\/?page_id=5#listItem\",\"name\":\"Private: Boutique\"}},{\"@type\":\"ListItem\",\"@id\":\"https:\\\/\\\/terredete.fr\\\/en\\\/?page_id=5#listItem\",\"position\":2,\"name\":\"Private: Boutique\",\"item\":\"https:\\\/\\\/terredete.fr\\\/en\\\/?page_id=5\",\"nextItem\":{\"@type\":\"ListItem\",\"@id\":\"https:\\\/\\\/terredete.fr\\\/en\\\/product-category\\\/femme\\\/#listItem\",\"name\":\"Femme\"},\"previousItem\":{\"@type\":\"ListItem\",\"@id\":\"https:\\\/\\\/terredete.fr\\\/en#listItem\",\"name\":\"Home\"}},{\"@type\":\"ListItem\",\"@id\":\"https:\\\/\\\/terredete.fr\\\/en\\\/product-category\\\/femme\\\/#listItem\",\"position\":3,\"name\":\"Femme\",\"item\":\"https:\\\/\\\/terredete.fr\\\/en\\\/product-category\\\/femme\\\/\",\"nextItem\":{\"@type\":\"ListItem\",\"@id\":\"https:\\\/\\\/terredete.fr\\\/en\\\/product-category\\\/femme\\\/collier\\\/#listItem\",\"name\":\"Collier\"},\"previousItem\":{\"@type\":\"ListItem\",\"@id\":\"https:\\\/\\\/terredete.fr\\\/en\\\/?page_id=5#listItem\",\"name\":\"Private: Boutique\"}},{\"@type\":\"ListItem\",\"@id\":\"https:\\\/\\\/terredete.fr\\\/en\\\/product-category\\\/femme\\\/collier\\\/#listItem\",\"position\":4,\"name\":\"Collier\",\"item\":\"https:\\\/\\\/terredete.fr\\\/en\\\/product-category\\\/femme\\\/collier\\\/\",\"nextItem\":{\"@type\":\"ListItem\",\"@id\":\"https:\\\/\\\/terredete.fr\\\/en\\\/product-category\\\/femme\\\/collier\\\/tahiti-collier\\\/#listItem\",\"name\":\"Perles de Tahiti\"},\"previousItem\":{\"@type\":\"ListItem\",\"@id\":\"https:\\\/\\\/terredete.fr\\\/en\\\/product-category\\\/femme\\\/#listItem\",\"name\":\"Femme\"}},{\"@type\":\"ListItem\",\"@id\":\"https:\\\/\\\/terredete.fr\\\/en\\\/product-category\\\/femme\\\/collier\\\/tahiti-collier\\\/#listItem\",\"position\":5,\"name\":\"Perles de Tahiti\",\"item\":\"https:\\\/\\\/terredete.fr\\\/en\\\/product-category\\\/femme\\\/collier\\\/tahiti-collier\\\/\",\"nextItem\":{\"@type\":\"ListItem\",\"@id\":\"https:\\\/\\\/terredete.fr\\\/en\\\/product\\\/collier-ras-le-cou-reglable-perle-de-tahiti-baroque-et-mokuba\\\/#listItem\",\"name\":\"Collier ras le cou r\\u00e9glable, perle de Tahiti baroque et mokuba\"},\"previousItem\":{\"@type\":\"ListItem\",\"@id\":\"https:\\\/\\\/terredete.fr\\\/en\\\/product-category\\\/femme\\\/collier\\\/#listItem\",\"name\":\"Collier\"}},{\"@type\":\"ListItem\",\"@id\":\"https:\\\/\\\/terredete.fr\\\/en\\\/product\\\/collier-ras-le-cou-reglable-perle-de-tahiti-baroque-et-mokuba\\\/#listItem\",\"position\":6,\"name\":\"Collier ras le cou r\\u00e9glable, perle de Tahiti baroque et mokuba\",\"previousItem\":{\"@type\":\"ListItem\",\"@id\":\"https:\\\/\\\/terredete.fr\\\/en\\\/product-category\\\/femme\\\/collier\\\/tahiti-collier\\\/#listItem\",\"name\":\"Perles de Tahiti\"}}]},{\"@type\":\"ItemPage\",\"@id\":\"https:\\\/\\\/terredete.fr\\\/en\\\/product\\\/collier-ras-le-cou-reglable-perle-de-tahiti-baroque-et-mokuba\\\/#itempage\",\"url\":\"https:\\\/\\\/terredete.fr\\\/en\\\/product\\\/collier-ras-le-cou-reglable-perle-de-tahiti-baroque-et-mokuba\\\/\",\"name\":\"Collier ras le cou r\\u00e9glable, perle de Tahiti baroque et mokuba - terredete.fr\",\"description\":\"Un collier \\u00e9l\\u00e9gant et minimaliste compos\\u00e9 d'une perle de Tahiti \\u00f8 9-10 mm mont\\u00e9e sur un fil mokuba, pens\\u00e9 pour ne jamais quitter votre cou.\",\"inLanguage\":\"en-GB\",\"isPartOf\":{\"@id\":\"https:\\\/\\\/terredete.fr\\\/en\\\/#website\"},\"breadcrumb\":{\"@id\":\"https:\\\/\\\/terredete.fr\\\/en\\\/product\\\/collier-ras-le-cou-reglable-perle-de-tahiti-baroque-et-mokuba\\\/#breadcrumblist\"},\"image\":{\"@type\":\"ImageObject\",\"url\":\"https:\\\/\\\/terredete.fr\\\/wp-content\\\/uploads\\\/2025\\\/01\\\/VF_FCTB00M00-scaled.jpg\",\"@id\":\"https:\\\/\\\/terredete.fr\\\/en\\\/product\\\/collier-ras-le-cou-reglable-perle-de-tahiti-baroque-et-mokuba\\\/#mainImage\",\"width\":2048,\"height\":2560},\"primaryImageOfPage\":{\"@id\":\"https:\\\/\\\/terredete.fr\\\/en\\\/product\\\/collier-ras-le-cou-reglable-perle-de-tahiti-baroque-et-mokuba\\\/#mainImage\"},\"datePublished\":\"2025-01-09T22:52:17+00:00\",\"dateModified\":\"2025-10-17T14:25:56+00:00\"},{\"@type\":\"Organization\",\"@id\":\"https:\\\/\\\/terredete.fr\\\/en\\\/#organization\",\"name\":\"Terre d\\u2019\\u00c9t\\u00e9\",\"description\":\"Terre d\\u2019\\u00c9t\\u00e9 est une marque de bijoux artisanaux r\\u00e9alis\\u00e9s \\u00e0 la main \\u00e0 Saint-Tropez, avec des mati\\u00e8res soigneusement s\\u00e9lectionn\\u00e9es.\",\"url\":\"https:\\\/\\\/terredete.fr\\\/en\\\/\",\"email\":\"contact@terredete.fr\",\"telephone\":\"+33608075336\",\"foundingDate\":\"2007-01-01\",\"numberOfEmployees\":{\"@type\":\"QuantitativeValue\",\"value\":3},\"logo\":{\"@type\":\"ImageObject\",\"url\":\"https:\\\/\\\/terredete.fr\\\/wp-content\\\/uploads\\\/2025\\\/12\\\/logo-bon-terre-dete.png\",\"@id\":\"https:\\\/\\\/terredete.fr\\\/en\\\/product\\\/collier-ras-le-cou-reglable-perle-de-tahiti-baroque-et-mokuba\\\/#organizationLogo\",\"width\":500,\"height\":500},\"image\":{\"@id\":\"https:\\\/\\\/terredete.fr\\\/en\\\/product\\\/collier-ras-le-cou-reglable-perle-de-tahiti-baroque-et-mokuba\\\/#organizationLogo\"},\"sameAs\":[\"https:\\\/\\\/www.facebook.com\\\/terredete\",\"https:\\\/\\\/www.instagram.com\\\/terre_dete\\\/\",\"https:\\\/\\\/www.linkedin.com\\\/company\\\/terre-d'ete\\\/?viewAsMember=true\"]},{\"@type\":\"WebSite\",\"@id\":\"https:\\\/\\\/terredete.fr\\\/en\\\/#website\",\"url\":\"https:\\\/\\\/terredete.fr\\\/en\\\/\",\"name\":\"terredete.fr\",\"description\":\"Plus que des bijoux, une invitation au r\\u00eave\",\"inLanguage\":\"en-GB\",\"publisher\":{\"@id\":\"https:\\\/\\\/terredete.fr\\\/en\\\/#organization\"}}]}\n\t\t<\/script>\n\t\t<!-- All in One SEO -->\n\n","aioseo_head_json":{"title":"Collier ras le cou r\u00e9glable, perle de Tahiti baroque et mokuba - terredete.fr","description":"Un collier \u00e9l\u00e9gant et minimaliste compos\u00e9 d'une perle de Tahiti \u00f8 9-10 mm mont\u00e9e sur un fil mokuba, pens\u00e9 pour ne jamais quitter votre cou.","canonical_url":"https:\/\/terredete.fr\/en\/product\/collier-ras-le-cou-reglable-perle-de-tahiti-baroque-et-mokuba\/","robots":"max-image-preview:large","keywords":"","webmasterTools":{"miscellaneous":""},"schema":{"@context":"https:\/\/schema.org","@graph":[{"@type":"BreadcrumbList","@id":"https:\/\/terredete.fr\/en\/product\/collier-ras-le-cou-reglable-perle-de-tahiti-baroque-et-mokuba\/#breadcrumblist","itemListElement":[{"@type":"ListItem","@id":"https:\/\/terredete.fr\/en#listItem","position":1,"name":"Home","item":"https:\/\/terredete.fr\/en","nextItem":{"@type":"ListItem","@id":"https:\/\/terredete.fr\/en\/?page_id=5#listItem","name":"Private: Boutique"}},{"@type":"ListItem","@id":"https:\/\/terredete.fr\/en\/?page_id=5#listItem","position":2,"name":"Private: Boutique","item":"https:\/\/terredete.fr\/en\/?page_id=5","nextItem":{"@type":"ListItem","@id":"https:\/\/terredete.fr\/en\/product-category\/femme\/#listItem","name":"Femme"},"previousItem":{"@type":"ListItem","@id":"https:\/\/terredete.fr\/en#listItem","name":"Home"}},{"@type":"ListItem","@id":"https:\/\/terredete.fr\/en\/product-category\/femme\/#listItem","position":3,"name":"Femme","item":"https:\/\/terredete.fr\/en\/product-category\/femme\/","nextItem":{"@type":"ListItem","@id":"https:\/\/terredete.fr\/en\/product-category\/femme\/collier\/#listItem","name":"Collier"},"previousItem":{"@type":"ListItem","@id":"https:\/\/terredete.fr\/en\/?page_id=5#listItem","name":"Private: Boutique"}},{"@type":"ListItem","@id":"https:\/\/terredete.fr\/en\/product-category\/femme\/collier\/#listItem","position":4,"name":"Collier","item":"https:\/\/terredete.fr\/en\/product-category\/femme\/collier\/","nextItem":{"@type":"ListItem","@id":"https:\/\/terredete.fr\/en\/product-category\/femme\/collier\/tahiti-collier\/#listItem","name":"Perles de Tahiti"},"previousItem":{"@type":"ListItem","@id":"https:\/\/terredete.fr\/en\/product-category\/femme\/#listItem","name":"Femme"}},{"@type":"ListItem","@id":"https:\/\/terredete.fr\/en\/product-category\/femme\/collier\/tahiti-collier\/#listItem","position":5,"name":"Perles de Tahiti","item":"https:\/\/terredete.fr\/en\/product-category\/femme\/collier\/tahiti-collier\/","nextItem":{"@type":"ListItem","@id":"https:\/\/terredete.fr\/en\/product\/collier-ras-le-cou-reglable-perle-de-tahiti-baroque-et-mokuba\/#listItem","name":"Collier ras le cou r\u00e9glable, perle de Tahiti baroque et mokuba"},"previousItem":{"@type":"ListItem","@id":"https:\/\/terredete.fr\/en\/product-category\/femme\/collier\/#listItem","name":"Collier"}},{"@type":"ListItem","@id":"https:\/\/terredete.fr\/en\/product\/collier-ras-le-cou-reglable-perle-de-tahiti-baroque-et-mokuba\/#listItem","position":6,"name":"Collier ras le cou r\u00e9glable, perle de Tahiti baroque et mokuba","previousItem":{"@type":"ListItem","@id":"https:\/\/terredete.fr\/en\/product-category\/femme\/collier\/tahiti-collier\/#listItem","name":"Perles de Tahiti"}}]},{"@type":"ItemPage","@id":"https:\/\/terredete.fr\/en\/product\/collier-ras-le-cou-reglable-perle-de-tahiti-baroque-et-mokuba\/#itempage","url":"https:\/\/terredete.fr\/en\/product\/collier-ras-le-cou-reglable-perle-de-tahiti-baroque-et-mokuba\/","name":"Collier ras le cou r\u00e9glable, perle de Tahiti baroque et mokuba - terredete.fr","description":"Un collier \u00e9l\u00e9gant et minimaliste compos\u00e9 d'une perle de Tahiti \u00f8 9-10 mm mont\u00e9e sur un fil mokuba, pens\u00e9 pour ne jamais quitter votre cou.","inLanguage":"en-GB","isPartOf":{"@id":"https:\/\/terredete.fr\/en\/#website"},"breadcrumb":{"@id":"https:\/\/terredete.fr\/en\/product\/collier-ras-le-cou-reglable-perle-de-tahiti-baroque-et-mokuba\/#breadcrumblist"},"image":{"@type":"ImageObject","url":"https:\/\/terredete.fr\/wp-content\/uploads\/2025\/01\/VF_FCTB00M00-scaled.jpg","@id":"https:\/\/terredete.fr\/en\/product\/collier-ras-le-cou-reglable-perle-de-tahiti-baroque-et-mokuba\/#mainImage","width":2048,"height":2560},"primaryImageOfPage":{"@id":"https:\/\/terredete.fr\/en\/product\/collier-ras-le-cou-reglable-perle-de-tahiti-baroque-et-mokuba\/#mainImage"},"datePublished":"2025-01-09T22:52:17+00:00","dateModified":"2025-10-17T14:25:56+00:00"},{"@type":"Organization","@id":"https:\/\/terredete.fr\/en\/#organization","name":"Terre d\u2019\u00c9t\u00e9","description":"Terre d\u2019\u00c9t\u00e9 est une marque de bijoux artisanaux r\u00e9alis\u00e9s \u00e0 la main \u00e0 Saint-Tropez, avec des mati\u00e8res soigneusement s\u00e9lectionn\u00e9es.","url":"https:\/\/terredete.fr\/en\/","email":"contact@terredete.fr","telephone":"+33608075336","foundingDate":"2007-01-01","numberOfEmployees":{"@type":"QuantitativeValue","value":3},"logo":{"@type":"ImageObject","url":"https:\/\/terredete.fr\/wp-content\/uploads\/2025\/12\/logo-bon-terre-dete.png","@id":"https:\/\/terredete.fr\/en\/product\/collier-ras-le-cou-reglable-perle-de-tahiti-baroque-et-mokuba\/#organizationLogo","width":500,"height":500},"image":{"@id":"https:\/\/terredete.fr\/en\/product\/collier-ras-le-cou-reglable-perle-de-tahiti-baroque-et-mokuba\/#organizationLogo"},"sameAs":["https:\/\/www.facebook.com\/terredete","https:\/\/www.instagram.com\/terre_dete\/","https:\/\/www.linkedin.com\/company\/terre-d'ete\/?viewAsMember=true"]},{"@type":"WebSite","@id":"https:\/\/terredete.fr\/en\/#website","url":"https:\/\/terredete.fr\/en\/","name":"terredete.fr","description":"Plus que des bijoux, une invitation au r\u00eave","inLanguage":"en-GB","publisher":{"@id":"https:\/\/terredete.fr\/en\/#organization"}}]},"og:locale":"en_GB","og:site_name":"terredete.fr - Plus que des bijoux, une invitation au r\u00eave","og:type":"article","og:title":"Collier ras le cou r\u00e9glable, perle de Tahiti baroque et mokuba - terredete.fr","og:description":"Un collier \u00e9l\u00e9gant et minimaliste compos\u00e9 d'une perle de Tahiti \u00f8 9-10 mm mont\u00e9e sur un fil mokuba, pens\u00e9 pour ne jamais quitter votre cou.","og:url":"https:\/\/terredete.fr\/en\/product\/collier-ras-le-cou-reglable-perle-de-tahiti-baroque-et-mokuba\/","og:image":"https:\/\/terredete.fr\/wp-content\/uploads\/2025\/01\/VF_FCTB00M00-scaled.jpg","og:image:secure_url":"https:\/\/terredete.fr\/wp-content\/uploads\/2025\/01\/VF_FCTB00M00-scaled.jpg","og:image:width":2048,"og:image:height":2560,"article:published_time":"2025-01-09T22:52:17+00:00","article:modified_time":"2025-10-17T14:25:56+00:00","article:publisher":"https:\/\/www.facebook.com\/terredete","twitter:card":"summary_large_image","twitter:title":"Collier ras le cou r\u00e9glable, perle de Tahiti baroque et mokuba - terredete.fr","twitter:description":"Un collier \u00e9l\u00e9gant et minimaliste compos\u00e9 d'une perle de Tahiti \u00f8 9-10 mm mont\u00e9e sur un fil mokuba, pens\u00e9 pour ne jamais quitter votre cou.","twitter:image":"https:\/\/terredete.fr\/wp-content\/uploads\/2025\/01\/VF_FCTB00M00-scaled.jpg"},"aioseo_meta_data":{"post_id":"3540","title":null,"description":null,"keywords":null,"keyphrases":{"focus":[],"additional":[]},"primary_term":null,"canonical_url":null,"og_title":null,"og_description":null,"og_object_type":"default","og_image_type":"default","og_image_url":null,"og_image_width":null,"og_image_height":null,"og_image_custom_url":null,"og_image_custom_fields":null,"og_video":"","og_custom_url":null,"og_article_section":null,"og_article_tags":null,"twitter_use_og":false,"twitter_card":"default","twitter_image_type":"default","twitter_image_url":null,"twitter_image_custom_url":null,"twitter_image_custom_fields":null,"twitter_title":null,"twitter_description":null,"schema":{"blockGraphs":[],"customGraphs":[],"default":{"data":{"Article":[],"Course":[],"Dataset":[],"FAQPage":[],"Movie":[],"Person":[],"Product":[],"ProductReview":[],"Car":[],"Recipe":[],"Service":[],"SoftwareApplication":[],"WebPage":[]},"graphName":"ItemPage","isEnabled":true},"graphs":[]},"schema_type":"default","schema_type_options":null,"pillar_content":false,"robots_default":true,"robots_noindex":false,"robots_noarchive":false,"robots_nosnippet":false,"robots_nofollow":false,"robots_noimageindex":false,"robots_noodp":false,"robots_notranslate":false,"robots_max_snippet":"-1","robots_max_videopreview":"-1","robots_max_imagepreview":"large","priority":null,"frequency":"default","local_seo":null,"breadcrumb_settings":null,"limit_modified_date":false,"ai":null,"created":"2025-01-09 22:52:17","updated":"2026-08-15 10:27:19","seo_analyzer_scan_date":null,"focus_keyword":null,"additional_keywords":null,"truseo_locale":null},"aioseo_breadcrumb":"<div class=\"aioseo-breadcrumbs\"><span class=\"aioseo-breadcrumb\">\n\t\t\t<a href=\"https:\/\/terredete.fr\/en\" title=\"Home\">Home<\/a>\n\t\t<\/span><span class=\"aioseo-breadcrumb-separator\">&raquo;<\/span><span class=\"aioseo-breadcrumb\">\n\t\t\t<a href=\"https:\/\/terredete.fr\/en\/?page_id=5\" title=\"Private: Boutique\">Private: Boutique<\/a>\n\t\t<\/span><span class=\"aioseo-breadcrumb-separator\">&raquo;<\/span><span class=\"aioseo-breadcrumb\">\n\t\t\t<a href=\"https:\/\/terredete.fr\/en\/product-category\/femme\/\" title=\"Femme\">Femme<\/a>\n\t\t<\/span><span class=\"aioseo-breadcrumb-separator\">&raquo;<\/span><span class=\"aioseo-breadcrumb\">\n\t\t\t<a href=\"https:\/\/terredete.fr\/en\/product-category\/femme\/collier\/\" title=\"Collier\">Collier<\/a>\n\t\t<\/span><span class=\"aioseo-breadcrumb-separator\">&raquo;<\/span><span class=\"aioseo-breadcrumb\">\n\t\t\t<a href=\"https:\/\/terredete.fr\/en\/product-category\/femme\/collier\/tahiti-collier\/\" title=\"Perles de Tahiti\">Perles de Tahiti<\/a>\n\t\t<\/span><span class=\"aioseo-breadcrumb-separator\">&raquo;<\/span><span class=\"aioseo-breadcrumb\">\n\t\t\tCollier ras le cou r\u00e9glable, perle de Tahiti baroque et mokuba\n\t\t<\/span><\/div>","aioseo_breadcrumb_json":[{"label":"Home","link":"https:\/\/terredete.fr\/en"},{"label":"Private: Boutique","link":"https:\/\/terredete.fr\/en\/?page_id=5"},{"label":"Femme","link":"https:\/\/terredete.fr\/en\/product-category\/femme\/"},{"label":"Collier","link":"https:\/\/terredete.fr\/en\/product-category\/femme\/collier\/"},{"label":"Perles de Tahiti","link":"https:\/\/terredete.fr\/en\/product-category\/femme\/collier\/tahiti-collier\/"},{"label":"Collier ras le cou r\u00e9glable, perle de Tahiti baroque et mokuba","link":"https:\/\/terredete.fr\/en\/product\/collier-ras-le-cou-reglable-perle-de-tahiti-baroque-et-mokuba\/"}],"jetpack_sharing_enabled":true,"_links":{"self":[{"href":"https:\/\/terredete.fr\/en\/wp-json\/wp\/v2\/product\/3540","targetHints":{"allow":["GET"]}}],"collection":[{"href":"https:\/\/terredete.fr\/en\/wp-json\/wp\/v2\/product"}],"about":[{"href":"https:\/\/terredete.fr\/en\/wp-json\/wp\/v2\/types\/product"}],"replies":[{"embeddable":true,"href":"https:\/\/terredete.fr\/en\/wp-json\/wp\/v2\/comments?post=3540"}],"wp:featuredmedia":[{"embeddable":true,"href":"https:\/\/terredete.fr\/en\/wp-json\/wp\/v2\/media\/3437"}],"wp:attachment":[{"href":"https:\/\/terredete.fr\/en\/wp-json\/wp\/v2\/media?parent=3540"}],"wp:term":[{"taxonomy":"product_brand","embeddable":true,"href":"https:\/\/terredete.fr\/en\/wp-json\/wp\/v2\/product_brand?post=3540"},{"taxonomy":"product_cat","embeddable":true,"href":"https:\/\/terredete.fr\/en\/wp-json\/wp\/v2\/product_cat?post=3540"},{"taxonomy":"product_tag","embeddable":true,"href":"https:\/\/terredete.fr\/en\/wp-json\/wp\/v2\/product_tag?post=3540"}],"curies":[{"name":"wp","href":"https:\/\/api.w.org\/{rel}","templated":true}]}}