{"id":4300,"date":"2025-02-25T14:16:39","date_gmt":"2025-02-25T14:16:39","guid":{"rendered":"https:\/\/terredete.fr\/?post_type=product&#038;p=4300"},"modified":"2025-10-18T08:36:35","modified_gmt":"2025-10-18T08:36:35","slug":"collier-perle-de-tahiti-baroque-et-onyx","status":"publish","type":"product","link":"https:\/\/terredete.fr\/en\/product\/collier-perle-de-tahiti-baroque-et-onyx\/","title":{"rendered":"Baroque Tahitian Pearl and Onyx Necklace"},"content":{"rendered":"<p class=\"p1\">A unique necklace combining the depth of black onyx with the natural luster of a baroque Tahitian pearl (9\u201310 mm). Each pearl is selected for its radiance and natural hues. Built to last, it withstands the rigors of daily life and suits any lifestyle. Its clean, versatile design makes it a timeless, understated, and authentic piece of jewelry. <span class=\"s1\">onyx noir<\/span> \u00e0 l\u2019\u00e9clat naturel d\u2019une <span class=\"s1\">perle de Tahiti baroque \u00d8 9-10 mm<\/span>. Chaque perle est s\u00e9lectionn\u00e9e pour son \u00e9clat et ses nuances naturelles. <span class=\"s1\">Con\u00e7u pour durer, il r\u00e9siste aux al\u00e9as du quotidien et s\u2019adapte \u00e0 tous les styles de vie.<\/span> Son design \u00e9pur\u00e9 et modulable en fait un bijou intemporel, discret et authentique.<\/p>\n<p><strong>Like all pearls, they are naturally maintained through contact with the skin, which helps preserve their moisture. Simply avoid alcohol-based products, such as perfume, to maintain their shine.<\/strong><\/p>\n<p class=\"p3\"><strong>Each necklace is carefully handcrafted. Thanks to its meticulously woven sliding knot, the height of the piece can be adjusted in the neckline and it can be easily removed.<\/strong><\/p>\n<p class=\"p3\"><strong>As all pearls are unique in shape, color, and nuances, the piece you receive may differ slightly from the one shown in the photo. But this is precisely what makes your bracelet so special: you will be wearing a truly one-of-a-kind piece, shaped by nature.<\/strong><\/p>\n<p>&nbsp;<\/p>","protected":false},"excerpt":{"rendered":"<p class=\"p1\">An elegant and sturdy necklace combining black onyx, a baroque Tahitian pearl, and a 925 silver clasp.<\/p>","protected":false},"featured_media":4857,"comment_status":"open","ping_status":"closed","template":"","meta":{"om_disable_all_campaigns":false,"_monsterinsights_skip_tracking":false},"product_brand":[],"product_cat":[109,107],"product_tag":[],"class_list":["post-4300","product","type-product","status-publish","has-post-thumbnail","product_cat-colliers","product_cat-homme","first","instock","shipping-taxable","purchasable","product-type-simple"],"aioseo_notices":[],"aioseo_head":"\n\t\t<!-- All in One SEO 5.0.0.1 - aioseo.com -->\n\t<meta name=\"description\" content=\"Un collier \u00e9l\u00e9gant et robuste, associant onyx noir, perle de Tahiti baroque et fermoir en argent 925.\" \/>\n\t<meta name=\"robots\" content=\"max-image-preview:large\" \/>\n\t<link rel=\"canonical\" href=\"https:\/\/terredete.fr\/en\/product\/collier-perle-de-tahiti-baroque-et-onyx\/\" \/>\n\t<meta name=\"generator\" content=\"All in One SEO (AIOSEO) 5.0.0.1\" \/>\n\t\t<meta property=\"og:locale\" content=\"en_GB\" \/>\n\t\t<meta property=\"og:site_name\" content=\"terredete.fr - Plus que des bijoux, une invitation au r\u00eave\" \/>\n\t\t<meta property=\"og:type\" content=\"article\" \/>\n\t\t<meta property=\"og:title\" content=\"Collier perle de Tahiti baroque et onyx - terredete.fr\" \/>\n\t\t<meta property=\"og:description\" content=\"Un collier \u00e9l\u00e9gant et robuste, associant onyx noir, perle de Tahiti baroque et fermoir en argent 925.\" \/>\n\t\t<meta property=\"og:url\" content=\"https:\/\/terredete.fr\/en\/product\/collier-perle-de-tahiti-baroque-et-onyx\/\" \/>\n\t\t<meta property=\"og:image\" content=\"https:\/\/terredete.fr\/wp-content\/uploads\/2025\/02\/img_5253-scaled.jpeg\" \/>\n\t\t<meta property=\"og:image:secure_url\" content=\"https:\/\/terredete.fr\/wp-content\/uploads\/2025\/02\/img_5253-scaled.jpeg\" \/>\n\t\t<meta property=\"og:image:width\" content=\"1920\" \/>\n\t\t<meta property=\"og:image:height\" content=\"2560\" \/>\n\t\t<meta property=\"article:published_time\" content=\"2025-02-25T14:16:39+00:00\" \/>\n\t\t<meta property=\"article:modified_time\" content=\"2025-10-18T08:36:35+00:00\" \/>\n\t\t<meta property=\"article:publisher\" content=\"https:\/\/www.facebook.com\/terredete\" \/>\n\t\t<meta name=\"twitter:card\" content=\"summary_large_image\" \/>\n\t\t<meta name=\"twitter:title\" content=\"Collier perle de Tahiti baroque et onyx - terredete.fr\" \/>\n\t\t<meta name=\"twitter:description\" content=\"Un collier \u00e9l\u00e9gant et robuste, associant onyx noir, perle de Tahiti baroque et fermoir en argent 925.\" \/>\n\t\t<meta name=\"twitter:image\" content=\"https:\/\/terredete.fr\/wp-content\/uploads\/2025\/02\/img_5253-scaled.jpeg\" \/>\n\t\t<script type=\"application\/ld+json\" class=\"aioseo-schema\">\n\t\t\t{\"@context\":\"https:\\\/\\\/schema.org\",\"@graph\":[{\"@type\":\"BreadcrumbList\",\"@id\":\"https:\\\/\\\/terredete.fr\\\/en\\\/product\\\/collier-perle-de-tahiti-baroque-et-onyx\\\/#breadcrumblist\",\"itemListElement\":[{\"@type\":\"ListItem\",\"@id\":\"https:\\\/\\\/terredete.fr\\\/en#listItem\",\"position\":1,\"name\":\"Home\",\"item\":\"https:\\\/\\\/terredete.fr\\\/en\",\"nextItem\":{\"@type\":\"ListItem\",\"@id\":\"https:\\\/\\\/terredete.fr\\\/en\\\/?page_id=5#listItem\",\"name\":\"Private: Boutique\"}},{\"@type\":\"ListItem\",\"@id\":\"https:\\\/\\\/terredete.fr\\\/en\\\/?page_id=5#listItem\",\"position\":2,\"name\":\"Private: Boutique\",\"item\":\"https:\\\/\\\/terredete.fr\\\/en\\\/?page_id=5\",\"nextItem\":{\"@type\":\"ListItem\",\"@id\":\"https:\\\/\\\/terredete.fr\\\/en\\\/product-category\\\/homme\\\/#listItem\",\"name\":\"Homme\"},\"previousItem\":{\"@type\":\"ListItem\",\"@id\":\"https:\\\/\\\/terredete.fr\\\/en#listItem\",\"name\":\"Home\"}},{\"@type\":\"ListItem\",\"@id\":\"https:\\\/\\\/terredete.fr\\\/en\\\/product-category\\\/homme\\\/#listItem\",\"position\":3,\"name\":\"Homme\",\"item\":\"https:\\\/\\\/terredete.fr\\\/en\\\/product-category\\\/homme\\\/\",\"nextItem\":{\"@type\":\"ListItem\",\"@id\":\"https:\\\/\\\/terredete.fr\\\/en\\\/product-category\\\/homme\\\/colliers\\\/#listItem\",\"name\":\"Colliers\"},\"previousItem\":{\"@type\":\"ListItem\",\"@id\":\"https:\\\/\\\/terredete.fr\\\/en\\\/?page_id=5#listItem\",\"name\":\"Private: Boutique\"}},{\"@type\":\"ListItem\",\"@id\":\"https:\\\/\\\/terredete.fr\\\/en\\\/product-category\\\/homme\\\/colliers\\\/#listItem\",\"position\":4,\"name\":\"Colliers\",\"item\":\"https:\\\/\\\/terredete.fr\\\/en\\\/product-category\\\/homme\\\/colliers\\\/\",\"nextItem\":{\"@type\":\"ListItem\",\"@id\":\"https:\\\/\\\/terredete.fr\\\/en\\\/product\\\/collier-perle-de-tahiti-baroque-et-onyx\\\/#listItem\",\"name\":\"Collier perle de Tahiti baroque et onyx\"},\"previousItem\":{\"@type\":\"ListItem\",\"@id\":\"https:\\\/\\\/terredete.fr\\\/en\\\/product-category\\\/homme\\\/#listItem\",\"name\":\"Homme\"}},{\"@type\":\"ListItem\",\"@id\":\"https:\\\/\\\/terredete.fr\\\/en\\\/product\\\/collier-perle-de-tahiti-baroque-et-onyx\\\/#listItem\",\"position\":5,\"name\":\"Collier perle de Tahiti baroque et onyx\",\"previousItem\":{\"@type\":\"ListItem\",\"@id\":\"https:\\\/\\\/terredete.fr\\\/en\\\/product-category\\\/homme\\\/colliers\\\/#listItem\",\"name\":\"Colliers\"}}]},{\"@type\":\"ItemPage\",\"@id\":\"https:\\\/\\\/terredete.fr\\\/en\\\/product\\\/collier-perle-de-tahiti-baroque-et-onyx\\\/#itempage\",\"url\":\"https:\\\/\\\/terredete.fr\\\/en\\\/product\\\/collier-perle-de-tahiti-baroque-et-onyx\\\/\",\"name\":\"Collier perle de Tahiti baroque et onyx - terredete.fr\",\"description\":\"Un collier \\u00e9l\\u00e9gant et robuste, associant onyx noir, perle de Tahiti baroque et fermoir en argent 925.\",\"inLanguage\":\"en-GB\",\"isPartOf\":{\"@id\":\"https:\\\/\\\/terredete.fr\\\/en\\\/#website\"},\"breadcrumb\":{\"@id\":\"https:\\\/\\\/terredete.fr\\\/en\\\/product\\\/collier-perle-de-tahiti-baroque-et-onyx\\\/#breadcrumblist\"},\"image\":{\"@type\":\"ImageObject\",\"url\":\"https:\\\/\\\/terredete.fr\\\/wp-content\\\/uploads\\\/2025\\\/02\\\/img_5253-scaled.jpeg\",\"@id\":\"https:\\\/\\\/terredete.fr\\\/en\\\/product\\\/collier-perle-de-tahiti-baroque-et-onyx\\\/#mainImage\",\"width\":1920,\"height\":2560},\"primaryImageOfPage\":{\"@id\":\"https:\\\/\\\/terredete.fr\\\/en\\\/product\\\/collier-perle-de-tahiti-baroque-et-onyx\\\/#mainImage\"},\"datePublished\":\"2025-02-25T14:16:39+00:00\",\"dateModified\":\"2025-10-18T08:36:35+00:00\"},{\"@type\":\"Organization\",\"@id\":\"https:\\\/\\\/terredete.fr\\\/en\\\/#organization\",\"name\":\"Terre d\\u2019\\u00c9t\\u00e9\",\"description\":\"Terre d\\u2019\\u00c9t\\u00e9 est une marque de bijoux artisanaux r\\u00e9alis\\u00e9s \\u00e0 la main \\u00e0 Saint-Tropez, avec des mati\\u00e8res soigneusement s\\u00e9lectionn\\u00e9es.\",\"url\":\"https:\\\/\\\/terredete.fr\\\/en\\\/\",\"email\":\"contact@terredete.fr\",\"telephone\":\"+33608075336\",\"foundingDate\":\"2007-01-01\",\"numberOfEmployees\":{\"@type\":\"QuantitativeValue\",\"value\":3},\"logo\":{\"@type\":\"ImageObject\",\"url\":\"https:\\\/\\\/terredete.fr\\\/wp-content\\\/uploads\\\/2025\\\/12\\\/logo-bon-terre-dete.png\",\"@id\":\"https:\\\/\\\/terredete.fr\\\/en\\\/product\\\/collier-perle-de-tahiti-baroque-et-onyx\\\/#organizationLogo\",\"width\":500,\"height\":500},\"image\":{\"@id\":\"https:\\\/\\\/terredete.fr\\\/en\\\/product\\\/collier-perle-de-tahiti-baroque-et-onyx\\\/#organizationLogo\"},\"sameAs\":[\"https:\\\/\\\/www.facebook.com\\\/terredete\",\"https:\\\/\\\/www.instagram.com\\\/terre_dete\\\/\",\"https:\\\/\\\/www.linkedin.com\\\/company\\\/terre-d'ete\\\/?viewAsMember=true\"]},{\"@type\":\"WebSite\",\"@id\":\"https:\\\/\\\/terredete.fr\\\/en\\\/#website\",\"url\":\"https:\\\/\\\/terredete.fr\\\/en\\\/\",\"name\":\"terredete.fr\",\"description\":\"Plus que des bijoux, une invitation au r\\u00eave\",\"inLanguage\":\"en-GB\",\"publisher\":{\"@id\":\"https:\\\/\\\/terredete.fr\\\/en\\\/#organization\"}}]}\n\t\t<\/script>\n\t\t<!-- All in One SEO -->\n\n","aioseo_head_json":{"title":"Collier perle de Tahiti baroque et onyx - terredete.fr","description":"An elegant and sturdy necklace combining black onyx, a baroque Tahitian pearl, and a 925 silver clasp.","canonical_url":"https:\/\/terredete.fr\/en\/product\/collier-perle-de-tahiti-baroque-et-onyx\/","robots":"max-image-preview:large","keywords":"","webmasterTools":{"miscellaneous":""},"schema":{"@context":"https:\/\/schema.org","@graph":[{"@type":"BreadcrumbList","@id":"https:\/\/terredete.fr\/en\/product\/collier-perle-de-tahiti-baroque-et-onyx\/#breadcrumblist","itemListElement":[{"@type":"ListItem","@id":"https:\/\/terredete.fr\/en#listItem","position":1,"name":"Home","item":"https:\/\/terredete.fr\/en","nextItem":{"@type":"ListItem","@id":"https:\/\/terredete.fr\/en\/?page_id=5#listItem","name":"Private: Boutique"}},{"@type":"ListItem","@id":"https:\/\/terredete.fr\/en\/?page_id=5#listItem","position":2,"name":"Private: Boutique","item":"https:\/\/terredete.fr\/en\/?page_id=5","nextItem":{"@type":"ListItem","@id":"https:\/\/terredete.fr\/en\/product-category\/homme\/#listItem","name":"Homme"},"previousItem":{"@type":"ListItem","@id":"https:\/\/terredete.fr\/en#listItem","name":"Home"}},{"@type":"ListItem","@id":"https:\/\/terredete.fr\/en\/product-category\/homme\/#listItem","position":3,"name":"Homme","item":"https:\/\/terredete.fr\/en\/product-category\/homme\/","nextItem":{"@type":"ListItem","@id":"https:\/\/terredete.fr\/en\/product-category\/homme\/colliers\/#listItem","name":"Colliers"},"previousItem":{"@type":"ListItem","@id":"https:\/\/terredete.fr\/en\/?page_id=5#listItem","name":"Private: Boutique"}},{"@type":"ListItem","@id":"https:\/\/terredete.fr\/en\/product-category\/homme\/colliers\/#listItem","position":4,"name":"Colliers","item":"https:\/\/terredete.fr\/en\/product-category\/homme\/colliers\/","nextItem":{"@type":"ListItem","@id":"https:\/\/terredete.fr\/en\/product\/collier-perle-de-tahiti-baroque-et-onyx\/#listItem","name":"Collier perle de Tahiti baroque et onyx"},"previousItem":{"@type":"ListItem","@id":"https:\/\/terredete.fr\/en\/product-category\/homme\/#listItem","name":"Homme"}},{"@type":"ListItem","@id":"https:\/\/terredete.fr\/en\/product\/collier-perle-de-tahiti-baroque-et-onyx\/#listItem","position":5,"name":"Collier perle de Tahiti baroque et onyx","previousItem":{"@type":"ListItem","@id":"https:\/\/terredete.fr\/en\/product-category\/homme\/colliers\/#listItem","name":"Colliers"}}]},{"@type":"ItemPage","@id":"https:\/\/terredete.fr\/en\/product\/collier-perle-de-tahiti-baroque-et-onyx\/#itempage","url":"https:\/\/terredete.fr\/en\/product\/collier-perle-de-tahiti-baroque-et-onyx\/","name":"Collier perle de Tahiti baroque et onyx - terredete.fr","description":"Un collier \u00e9l\u00e9gant et robuste, associant onyx noir, perle de Tahiti baroque et fermoir en argent 925.","inLanguage":"en-GB","isPartOf":{"@id":"https:\/\/terredete.fr\/en\/#website"},"breadcrumb":{"@id":"https:\/\/terredete.fr\/en\/product\/collier-perle-de-tahiti-baroque-et-onyx\/#breadcrumblist"},"image":{"@type":"ImageObject","url":"https:\/\/terredete.fr\/wp-content\/uploads\/2025\/02\/img_5253-scaled.jpeg","@id":"https:\/\/terredete.fr\/en\/product\/collier-perle-de-tahiti-baroque-et-onyx\/#mainImage","width":1920,"height":2560},"primaryImageOfPage":{"@id":"https:\/\/terredete.fr\/en\/product\/collier-perle-de-tahiti-baroque-et-onyx\/#mainImage"},"datePublished":"2025-02-25T14:16:39+00:00","dateModified":"2025-10-18T08:36:35+00:00"},{"@type":"Organization","@id":"https:\/\/terredete.fr\/en\/#organization","name":"Terre d\u2019\u00c9t\u00e9","description":"Terre d\u2019\u00c9t\u00e9 est une marque de bijoux artisanaux r\u00e9alis\u00e9s \u00e0 la main \u00e0 Saint-Tropez, avec des mati\u00e8res soigneusement s\u00e9lectionn\u00e9es.","url":"https:\/\/terredete.fr\/en\/","email":"contact@terredete.fr","telephone":"+33608075336","foundingDate":"2007-01-01","numberOfEmployees":{"@type":"QuantitativeValue","value":3},"logo":{"@type":"ImageObject","url":"https:\/\/terredete.fr\/wp-content\/uploads\/2025\/12\/logo-bon-terre-dete.png","@id":"https:\/\/terredete.fr\/en\/product\/collier-perle-de-tahiti-baroque-et-onyx\/#organizationLogo","width":500,"height":500},"image":{"@id":"https:\/\/terredete.fr\/en\/product\/collier-perle-de-tahiti-baroque-et-onyx\/#organizationLogo"},"sameAs":["https:\/\/www.facebook.com\/terredete","https:\/\/www.instagram.com\/terre_dete\/","https:\/\/www.linkedin.com\/company\/terre-d'ete\/?viewAsMember=true"]},{"@type":"WebSite","@id":"https:\/\/terredete.fr\/en\/#website","url":"https:\/\/terredete.fr\/en\/","name":"terredete.fr","description":"Plus que des bijoux, une invitation au r\u00eave","inLanguage":"en-GB","publisher":{"@id":"https:\/\/terredete.fr\/en\/#organization"}}]},"og:locale":"en_GB","og:site_name":"terredete.fr - Plus que des bijoux, une invitation au r\u00eave","og:type":"article","og:title":"Collier perle de Tahiti baroque et onyx - terredete.fr","og:description":"Un collier \u00e9l\u00e9gant et robuste, associant onyx noir, perle de Tahiti baroque et fermoir en argent 925.","og:url":"https:\/\/terredete.fr\/en\/product\/collier-perle-de-tahiti-baroque-et-onyx\/","og:image":"https:\/\/terredete.fr\/wp-content\/uploads\/2025\/02\/img_5253-scaled.jpeg","og:image:secure_url":"https:\/\/terredete.fr\/wp-content\/uploads\/2025\/02\/img_5253-scaled.jpeg","og:image:width":1920,"og:image:height":2560,"article:published_time":"2025-02-25T14:16:39+00:00","article:modified_time":"2025-10-18T08:36:35+00:00","article:publisher":"https:\/\/www.facebook.com\/terredete","twitter:card":"summary_large_image","twitter:title":"Collier perle de Tahiti baroque et onyx - terredete.fr","twitter:description":"Un collier \u00e9l\u00e9gant et robuste, associant onyx noir, perle de Tahiti baroque et fermoir en argent 925.","twitter:image":"https:\/\/terredete.fr\/wp-content\/uploads\/2025\/02\/img_5253-scaled.jpeg"},"aioseo_meta_data":{"post_id":"4300","title":null,"description":null,"keywords":null,"keyphrases":{"focus":[],"additional":[]},"primary_term":null,"canonical_url":null,"og_title":null,"og_description":null,"og_object_type":"default","og_image_type":"default","og_image_url":null,"og_image_width":null,"og_image_height":null,"og_image_custom_url":null,"og_image_custom_fields":null,"og_video":"","og_custom_url":null,"og_article_section":null,"og_article_tags":null,"twitter_use_og":false,"twitter_card":"default","twitter_image_type":"default","twitter_image_url":null,"twitter_image_custom_url":null,"twitter_image_custom_fields":null,"twitter_title":null,"twitter_description":null,"schema":{"blockGraphs":[],"customGraphs":[],"default":{"data":{"Article":[],"Course":[],"Dataset":[],"FAQPage":[],"Movie":[],"Person":[],"Product":[],"ProductReview":[],"Car":[],"Recipe":[],"Service":[],"SoftwareApplication":[],"WebPage":[]},"graphName":"ItemPage","isEnabled":true},"graphs":[]},"schema_type":"default","schema_type_options":null,"pillar_content":false,"robots_default":true,"robots_noindex":false,"robots_noarchive":false,"robots_nosnippet":false,"robots_nofollow":false,"robots_noimageindex":false,"robots_noodp":false,"robots_notranslate":false,"robots_max_snippet":"-1","robots_max_videopreview":"-1","robots_max_imagepreview":"large","priority":null,"frequency":"default","local_seo":null,"breadcrumb_settings":null,"limit_modified_date":false,"ai":null,"created":"2025-02-25 14:16:39","updated":"2026-08-15 10:27:13","seo_analyzer_scan_date":null,"focus_keyword":null,"additional_keywords":null,"truseo_locale":null},"aioseo_breadcrumb":"<div class=\"aioseo-breadcrumbs\"><span class=\"aioseo-breadcrumb\">\n\t\t\t<a href=\"https:\/\/terredete.fr\/en\" title=\"Home\">Home<\/a>\n\t\t<\/span><span class=\"aioseo-breadcrumb-separator\">&raquo;<\/span><span class=\"aioseo-breadcrumb\">\n\t\t\t<a href=\"https:\/\/terredete.fr\/en\/?page_id=5\" title=\"Private: Boutique\">Private: Boutique<\/a>\n\t\t<\/span><span class=\"aioseo-breadcrumb-separator\">&raquo;<\/span><span class=\"aioseo-breadcrumb\">\n\t\t\t<a href=\"https:\/\/terredete.fr\/en\/product-category\/homme\/\" title=\"Homme\">Homme<\/a>\n\t\t<\/span><span class=\"aioseo-breadcrumb-separator\">&raquo;<\/span><span class=\"aioseo-breadcrumb\">\n\t\t\t<a href=\"https:\/\/terredete.fr\/en\/product-category\/homme\/colliers\/\" title=\"Colliers\">Colliers<\/a>\n\t\t<\/span><span class=\"aioseo-breadcrumb-separator\">&raquo;<\/span><span class=\"aioseo-breadcrumb\">\n\t\t\tCollier perle de Tahiti baroque et onyx\n\t\t<\/span><\/div>","aioseo_breadcrumb_json":[{"label":"Home","link":"https:\/\/terredete.fr\/en"},{"label":"Private: Boutique","link":"https:\/\/terredete.fr\/en\/?page_id=5"},{"label":"Homme","link":"https:\/\/terredete.fr\/en\/product-category\/homme\/"},{"label":"Colliers","link":"https:\/\/terredete.fr\/en\/product-category\/homme\/colliers\/"},{"label":"Collier perle de Tahiti baroque et onyx","link":"https:\/\/terredete.fr\/en\/product\/collier-perle-de-tahiti-baroque-et-onyx\/"}],"jetpack_sharing_enabled":true,"_links":{"self":[{"href":"https:\/\/terredete.fr\/en\/wp-json\/wp\/v2\/product\/4300","targetHints":{"allow":["GET"]}}],"collection":[{"href":"https:\/\/terredete.fr\/en\/wp-json\/wp\/v2\/product"}],"about":[{"href":"https:\/\/terredete.fr\/en\/wp-json\/wp\/v2\/types\/product"}],"replies":[{"embeddable":true,"href":"https:\/\/terredete.fr\/en\/wp-json\/wp\/v2\/comments?post=4300"}],"wp:featuredmedia":[{"embeddable":true,"href":"https:\/\/terredete.fr\/en\/wp-json\/wp\/v2\/media\/4857"}],"wp:attachment":[{"href":"https:\/\/terredete.fr\/en\/wp-json\/wp\/v2\/media?parent=4300"}],"wp:term":[{"taxonomy":"product_brand","embeddable":true,"href":"https:\/\/terredete.fr\/en\/wp-json\/wp\/v2\/product_brand?post=4300"},{"taxonomy":"product_cat","embeddable":true,"href":"https:\/\/terredete.fr\/en\/wp-json\/wp\/v2\/product_cat?post=4300"},{"taxonomy":"product_tag","embeddable":true,"href":"https:\/\/terredete.fr\/en\/wp-json\/wp\/v2\/product_tag?post=4300"}],"curies":[{"name":"wp","href":"https:\/\/api.w.org\/{rel}","templated":true}]}}